{"id":3172,"date":"2022-10-06T00:11:43","date_gmt":"2022-10-06T03:11:43","guid":{"rendered":"https:\/\/dpinamar.com.ar\/agenda\/?page_id=3172"},"modified":"2025-12-06T00:17:19","modified_gmt":"2025-12-06T03:17:19","slug":"cine","status":"publish","type":"page","link":"https:\/\/dpinamar.com.ar\/agenda\/cine\/","title":{"rendered":"Cine en Pinamar"},"content":{"rendered":"\t\t<div data-elementor-type=\"wp-page\" data-elementor-id=\"3172\" class=\"elementor elementor-3172\">\n\t\t\t\t\t\t<section class=\"elementor-section elementor-top-section elementor-element elementor-element-71d87abb elementor-section-height-min-height elementor-section-items-top elementor-section-boxed elementor-section-height-default\" data-id=\"71d87abb\" data-element_type=\"section\" data-e-type=\"section\" data-settings=\"{&quot;background_background&quot;:&quot;classic&quot;}\">\n\t\t\t\t\t\t<div class=\"elementor-container elementor-column-gap-default\">\n\t\t\t\t\t<div class=\"elementor-column elementor-col-100 elementor-top-column elementor-element elementor-element-4726275a\" data-id=\"4726275a\" data-element_type=\"column\" data-e-type=\"column\">\n\t\t\t<div class=\"elementor-widget-wrap elementor-element-populated\">\n\t\t\t\t\t\t<div class=\"elementor-element elementor-element-930f111 elementor-widget elementor-widget-heading\" data-id=\"930f111\" data-element_type=\"widget\" data-e-type=\"widget\" data-widget_type=\"heading.default\">\n\t\t\t\t<div class=\"elementor-widget-container\">\n\t\t\t\t\t<h1 class=\"elementor-heading-title elementor-size-default\">Cine en Pinamar<\/h1>\t\t\t\t<\/div>\n\t\t\t\t<\/div>\n\t\t\t\t<div class=\"elementor-element elementor-element-d33be75 elementor-widget elementor-widget-text-editor\" data-id=\"d33be75\" data-element_type=\"widget\" data-e-type=\"widget\" data-widget_type=\"text-editor.default\">\n\t\t\t\t<div class=\"elementor-widget-container\">\n\t\t\t\t\t\t\t\t\t<p style=\"text-align: center;\">\ud83d\udfe1 Una gu\u00eda actualizada de la cartelera del Cine Oasis y todas las propuestas para ver cine en Pinamar.<br \/>Incluye funciones de Miracine en el Teatro de la Torre, festivales, infantiles y alternativas gratuitas en Pinamar, Ostende, Valeria del Mar y Caril\u00f3.<\/p>\t\t\t\t\t\t\t\t<\/div>\n\t\t\t\t<\/div>\n\t\t\t\t<div class=\"elementor-element elementor-element-74fef8ba premium-blog-cta-full-yes premium-blog-align-left elementor-widget elementor-widget-premium-addon-blog\" data-id=\"74fef8ba\" data-element_type=\"widget\" data-e-type=\"widget\" data-settings=\"{&quot;premium_blog_layout&quot;:&quot;masonry&quot;,&quot;premium_blog_infinite_scroll&quot;:&quot;yes&quot;,&quot;premium_blog_grid&quot;:&quot;yes&quot;,&quot;premium_blog_columns_number&quot;:&quot;50%&quot;,&quot;premium_blog_columns_number_tablet&quot;:&quot;50%&quot;,&quot;premium_blog_columns_number_mobile&quot;:&quot;100%&quot;}\" data-widget_type=\"premium-addon-blog.default\">\n\t\t\t\t<div class=\"elementor-widget-container\">\n\t\t\t\t\t\n\t\t\n\n\t\t\t\t<div class=\"premium-blog-wrap  premium-blog-masonry\" data-page=\"3172\">\n\t\t\t\t\t\t\t\t\t<div class=\"premium-blog-post-outer-container\" data-total=\"27\">\n\t\t\t<div class=\"premium-blog-post-container premium-blog-skin-cards\">\n\t\t\t\t\t\t\t\t\t<div class=\"premium-blog-thumb-effect-wrapper\">\n\t\t\t\t\t\t<div class=\"premium-blog-thumbnail-container premium-blog-none-effect\">\n\t\t\t\t\t\t\t\t\t\t\t<a href=\"https:\/\/dpinamar.com.ar\/agenda\/cartelera-de-cine-oasis-pinamar\/\" target=\"_blank\">\n\t\t\t\t<img fetchpriority=\"high\" decoding=\"async\" width=\"300\" height=\"300\" src=\"https:\/\/dpinamar.com.ar\/agenda\/udoagekr\/2024\/07\/cine-oasis-pinamar-cartelera-300x300.webp\" class=\"attachment-medium size-medium wp-image-13443\" alt=\"cine osasis pinamar cartelera\" title=\"\" srcset=\"https:\/\/dpinamar.com.ar\/agenda\/udoagekr\/2024\/07\/cine-oasis-pinamar-cartelera-300x300.webp 300w, https:\/\/dpinamar.com.ar\/agenda\/udoagekr\/2024\/07\/cine-oasis-pinamar-cartelera-150x150.webp 150w, https:\/\/dpinamar.com.ar\/agenda\/udoagekr\/2024\/07\/cine-oasis-pinamar-cartelera-768x768.webp 768w, https:\/\/dpinamar.com.ar\/agenda\/udoagekr\/2024\/07\/cine-oasis-pinamar-cartelera-600x600.webp 600w, https:\/\/dpinamar.com.ar\/agenda\/udoagekr\/2024\/07\/cine-oasis-pinamar-cartelera.webp 800w\" sizes=\"(max-width: 300px) 100vw, 300px\" \/>\t\t\t\t<\/a>\n\t\t\t\t\t\t\t\t\t\t<\/div>\n\t\t\t\t\t\t\t\t\t\t\t\t\t<div class=\"premium-blog-effect-container premium-blog-none-effect\">\n\t\t\t\t\t\t\t\t<a class=\"premium-blog-post-link\" href=\"https:\/\/dpinamar.com.ar\/agenda\/cartelera-de-cine-oasis-pinamar\/\" target=\"_blank\"><span>Cartelera de Cine Oasis Pinamar<\/span><\/a>\n\t\t\t\t\t\t\t\t\t\t\t\t\t\t\t<\/div>\n\t\t\t\t\t\t\t\t\t\t\t<\/div>\n\t\t\t\t\t\t\t\t\t\t\t\t\t\t\t\t\t\t\t\t\t<div class=\"premium-blog-content-wrapper \">\n\n\t\t\t\t\t<div class=\"premium-blog-inner-container\">\n\n\t\t\t\t\t\t\t\t\t\t\t\t\t\t<h2 class=\"premium-blog-entry-title\">\n\t\t\t<a href=\"https:\/\/dpinamar.com.ar\/agenda\/cartelera-de-cine-oasis-pinamar\/\" target=\"_blank\">\n\t\t\t\tCartelera de Cine Oasis Pinamar\t\t\t<\/a>\n\t\t<\/h2>\n\t\t\n\t\t\t\t\t<\/div>\n\n\t\t\t\t\t\t\t<div class=\"premium-blog-content-inner-wrapper\">\n\t\t<p class=\"premium-blog-post-content\">NUEVA PROMO el Jueves 23 Cine Oasis Pinamar \ud83d\udfe1 Cartelera de Cine Oasis Pinamar con TRAILERS y SINOPSIS \u27bd\u00a0 Super Mario Galaxy, Michael: la historia<\/p><div class=\"premium-blog-excerpt-link-wrap\"><a href=\"https:\/\/dpinamar.com.ar\/agenda\/cartelera-de-cine-oasis-pinamar\/\" target=\"_blank\" class=\"premium-blog-excerpt-link elementor-button\">Leer m\u00e1s...<\/a><\/div>\t\t<\/div>\n\t\t\t\t<div class=\"premium-blog-entry-meta\">\n\t\t\t\t\t\t\t<div class=\"premium-blog-post-author premium-blog-meta-data\">\n\t\t\t\t\t<i class=\"fa fa-user fa-fw\" aria-hidden=\"true\"><\/i>\n\t\t\t\t\t<a href=\"https:\/\/dpinamar.com.ar\/agenda\/author\/ro_dpina_2022\/\" title=\"Entradas de Roberto Bohmer\" rel=\"author\" itemprop=\"author\" itemscope=\"itemscope\" itemtype=\"https:\/\/schema.org\/Person\">Roberto Bohmer<\/a>\t\t\t\t<\/div>\n\t\t\t\n\t\t\t\n\t\t\t\n\t\t\t\t\t<\/div>\n\t\t\t\t\t\t\t\n\t\t\t\t<\/div>\n\t\t\t<\/div>\n\t\t<\/div>\n\n\t\t\t\t<div class=\"premium-blog-post-outer-container\" data-total=\"27\">\n\t\t\t<div class=\"premium-blog-post-container premium-blog-skin-cards\">\n\t\t\t\t\t\t\t\t\t<div class=\"premium-blog-thumb-effect-wrapper\">\n\t\t\t\t\t\t<div class=\"premium-blog-thumbnail-container premium-blog-none-effect\">\n\t\t\t\t\t\t\t\t\t\t\t<a href=\"https:\/\/dpinamar.com.ar\/agenda\/vuelve-miracine-con-un-ciclo-dedicado-a-buster-keaton\/\" target=\"_blank\">\n\t\t\t\t<img decoding=\"async\" width=\"300\" height=\"300\" src=\"https:\/\/dpinamar.com.ar\/agenda\/udoagekr\/2026\/04\/Miracine-Buster-Keaton-300x300.webp\" class=\"attachment-medium size-medium wp-image-15648\" alt=\"Vuelve Miracine con un ciclo dedicado a Buster Keaton Cine mudo, comedia y funciones gratuitas en el Teatro de la Torre El 9 de abril arranca una nueva edici\u00f3n de Miracine en Pinamar, un ciclo que ya tiene su lugar en la agenda cultural y que este a\u00f1o llega a su cuarta edici\u00f3n con una propuesta enfocada en el cine mudo. Durante abril, todos los jueves a las 20, el Teatro de la Torre proyecta una selecci\u00f3n de pel\u00edculas con eje en la comedia slapstick y en una figura clave del g\u00e9nero: Buster Keaton. Un recorrido pensado para ver, descubrir y compartir cine en comunidad. La propuesta mantiene su formato: cada mes gira en torno a una tem\u00e1tica y las funciones acompa\u00f1an ese eje. En este caso, con t\u00edtulos accesibles para todo p\u00fablico, ideales tambi\u00e9n para ir en familia o acercarse por primera vez al cine cl\u00e1sico. Adem\u00e1s, al tratarse de pel\u00edculas de dominio p\u00fablico, las funciones son abiertas y gratuitas. En algunas fechas, pueden sumarse intervenciones art\u00edsticas que acompa\u00f1en las proyecciones. Una buena excusa para cortar la semana con cine distinto, en pantalla grande y con entrada libre. Detalles del evento Fechas: jueves 9, 16, 23 y 30 de abril Horario: 20:00 Lugar: Teatro de la Torre Entrada libre y gratuita Programaci\u00f3n: 9 de abril: One Week (1920, 20 min) \u2014 Una pareja intenta construir su casa prefabricada, pero todo se complica en una serie de situaciones absurdas. Sherlock Jr. (1924, 45 min) \u2014 Un proyeccionista sue\u00f1a con convertirse en detective y se mete dentro de la pel\u00edcula en una aventura llena de ingenio. 16 de abril: The Cameraman (1928, 67 min) \u2014 Un fot\u00f3grafo intenta abrirse camino como camar\u00f3grafo para conquistar a una mujer, con resultados tan torpes como divertidos. 23 de abril: Steamboat Bill, Jr. (1928, 70 min) \u2014 Un joven intenta ayudar a su padre en un barco a vapor, en medio de rivalidades y escenas ic\u00f3nicas del cine mudo. 30 de abril: The General (1926, 79 min) \u2014 Durante la Guerra Civil, un maquinista persigue a quienes roban su tren en una de las comedias m\u00e1s recordadas de Keaton. Consultas: 2254 491678 Las programaciones publicadas est\u00e1n sujetas a cambios de los organizadores\" title=\"\" srcset=\"https:\/\/dpinamar.com.ar\/agenda\/udoagekr\/2026\/04\/Miracine-Buster-Keaton-300x300.webp 300w, https:\/\/dpinamar.com.ar\/agenda\/udoagekr\/2026\/04\/Miracine-Buster-Keaton-150x150.webp 150w, https:\/\/dpinamar.com.ar\/agenda\/udoagekr\/2026\/04\/Miracine-Buster-Keaton-768x768.webp 768w, https:\/\/dpinamar.com.ar\/agenda\/udoagekr\/2026\/04\/Miracine-Buster-Keaton-600x600.webp 600w, https:\/\/dpinamar.com.ar\/agenda\/udoagekr\/2026\/04\/Miracine-Buster-Keaton.webp 800w\" sizes=\"(max-width: 300px) 100vw, 300px\" \/>\t\t\t\t<\/a>\n\t\t\t\t\t\t\t\t\t\t<\/div>\n\t\t\t\t\t\t\t\t\t\t\t\t\t<div class=\"premium-blog-effect-container premium-blog-none-effect\">\n\t\t\t\t\t\t\t\t<a class=\"premium-blog-post-link\" href=\"https:\/\/dpinamar.com.ar\/agenda\/vuelve-miracine-con-un-ciclo-dedicado-a-buster-keaton\/\" target=\"_blank\"><span>Vuelve Miracine con un ciclo dedicado a Buster Keaton<\/span><\/a>\n\t\t\t\t\t\t\t\t\t\t\t\t\t\t\t<\/div>\n\t\t\t\t\t\t\t\t\t\t\t<\/div>\n\t\t\t\t\t\t\t\t\t\t\t\t\t\t\t\t\t\t\t\t\t<div class=\"premium-blog-content-wrapper \">\n\n\t\t\t\t\t<div class=\"premium-blog-inner-container\">\n\n\t\t\t\t\t\t\t\t\t\t\t\t\t\t<h2 class=\"premium-blog-entry-title\">\n\t\t\t<a href=\"https:\/\/dpinamar.com.ar\/agenda\/vuelve-miracine-con-un-ciclo-dedicado-a-buster-keaton\/\" target=\"_blank\">\n\t\t\t\tVuelve Miracine con un ciclo dedicado a Buster Keaton\t\t\t<\/a>\n\t\t<\/h2>\n\t\t\n\t\t\t\t\t<\/div>\n\n\t\t\t\t\t\t\t<div class=\"premium-blog-content-inner-wrapper\">\n\t\t<p class=\"premium-blog-post-content\">Cine mudo, comedia y funciones gratuitas en el Teatro de la Torre El 9 de abril arranca una nueva edici\u00f3n de Miracine en Pinamar, un<\/p><div class=\"premium-blog-excerpt-link-wrap\"><a href=\"https:\/\/dpinamar.com.ar\/agenda\/vuelve-miracine-con-un-ciclo-dedicado-a-buster-keaton\/\" target=\"_blank\" class=\"premium-blog-excerpt-link elementor-button\">Leer m\u00e1s...<\/a><\/div>\t\t<\/div>\n\t\t\t\t<div class=\"premium-blog-entry-meta\">\n\t\t\t\t\t\t\t<div class=\"premium-blog-post-author premium-blog-meta-data\">\n\t\t\t\t\t<i class=\"fa fa-user fa-fw\" aria-hidden=\"true\"><\/i>\n\t\t\t\t\t<a href=\"https:\/\/dpinamar.com.ar\/agenda\/author\/ro_dpina_2022\/\" title=\"Entradas de Roberto Bohmer\" rel=\"author\" itemprop=\"author\" itemscope=\"itemscope\" itemtype=\"https:\/\/schema.org\/Person\">Roberto Bohmer<\/a>\t\t\t\t<\/div>\n\t\t\t\n\t\t\t\n\t\t\t\n\t\t\t\t\t<\/div>\n\t\t\t\t\t\t\t\n\t\t\t\t<\/div>\n\t\t\t<\/div>\n\t\t<\/div>\n\n\t\t\t\t<div class=\"premium-blog-post-outer-container\" data-total=\"27\">\n\t\t\t<div class=\"premium-blog-post-container premium-blog-skin-cards\">\n\t\t\t\t\t\t\t\t\t<div class=\"premium-blog-thumb-effect-wrapper\">\n\t\t\t\t\t\t<div class=\"premium-blog-thumbnail-container premium-blog-none-effect\">\n\t\t\t\t\t\t\t\t\t\t\t<a href=\"https:\/\/dpinamar.com.ar\/agenda\/vuelve-el-cine-a-la-biblioteca-con-parque-lezama\/\" target=\"_blank\">\n\t\t\t\t<img decoding=\"async\" width=\"300\" height=\"300\" src=\"https:\/\/dpinamar.com.ar\/agenda\/udoagekr\/2026\/04\/cine-a-la-Biblioteca-con-parque-lezama-campanela-300x300.webp\" class=\"attachment-medium size-medium wp-image-15703\" alt=\"cine a la Biblioteca con parque lezama campanela\" title=\"\" srcset=\"https:\/\/dpinamar.com.ar\/agenda\/udoagekr\/2026\/04\/cine-a-la-Biblioteca-con-parque-lezama-campanela-300x300.webp 300w, https:\/\/dpinamar.com.ar\/agenda\/udoagekr\/2026\/04\/cine-a-la-Biblioteca-con-parque-lezama-campanela-150x150.webp 150w, https:\/\/dpinamar.com.ar\/agenda\/udoagekr\/2026\/04\/cine-a-la-Biblioteca-con-parque-lezama-campanela-768x768.webp 768w, https:\/\/dpinamar.com.ar\/agenda\/udoagekr\/2026\/04\/cine-a-la-Biblioteca-con-parque-lezama-campanela-600x600.webp 600w, https:\/\/dpinamar.com.ar\/agenda\/udoagekr\/2026\/04\/cine-a-la-Biblioteca-con-parque-lezama-campanela.webp 800w\" sizes=\"(max-width: 300px) 100vw, 300px\" \/>\t\t\t\t<\/a>\n\t\t\t\t\t\t\t\t\t\t<\/div>\n\t\t\t\t\t\t\t\t\t\t\t\t\t<div class=\"premium-blog-effect-container premium-blog-none-effect\">\n\t\t\t\t\t\t\t\t<a class=\"premium-blog-post-link\" href=\"https:\/\/dpinamar.com.ar\/agenda\/vuelve-el-cine-a-la-biblioteca-con-parque-lezama\/\" target=\"_blank\"><span>Vuelve el cine a la Biblioteca con Parque Lezama<\/span><\/a>\n\t\t\t\t\t\t\t\t\t\t\t\t\t\t\t<\/div>\n\t\t\t\t\t\t\t\t\t\t\t<\/div>\n\t\t\t\t\t\t\t\t\t\t\t\t\t\t\t\t\t\t\t\t\t<div class=\"premium-blog-content-wrapper \">\n\n\t\t\t\t\t<div class=\"premium-blog-inner-container\">\n\n\t\t\t\t\t\t\t\t\t\t\t\t\t\t<h2 class=\"premium-blog-entry-title\">\n\t\t\t<a href=\"https:\/\/dpinamar.com.ar\/agenda\/vuelve-el-cine-a-la-biblioteca-con-parque-lezama\/\" target=\"_blank\">\n\t\t\t\tVuelve el cine a la Biblioteca con Parque Lezama\t\t\t<\/a>\n\t\t<\/h2>\n\t\t\n\t\t\t\t\t<\/div>\n\n\t\t\t\t\t\t\t<div class=\"premium-blog-content-inner-wrapper\">\n\t\t<p class=\"premium-blog-post-content\">Proyecci\u00f3n y debate abierto en Pinamar El viernes 17 de abril regresa el ciclo de cine a la Biblioteca Popular Manuel Belgrano de Pinamar con<\/p><div class=\"premium-blog-excerpt-link-wrap\"><a href=\"https:\/\/dpinamar.com.ar\/agenda\/vuelve-el-cine-a-la-biblioteca-con-parque-lezama\/\" target=\"_blank\" class=\"premium-blog-excerpt-link elementor-button\">Leer m\u00e1s...<\/a><\/div>\t\t<\/div>\n\t\t\t\t<div class=\"premium-blog-entry-meta\">\n\t\t\t\t\t\t\t<div class=\"premium-blog-post-author premium-blog-meta-data\">\n\t\t\t\t\t<i class=\"fa fa-user fa-fw\" aria-hidden=\"true\"><\/i>\n\t\t\t\t\t<a href=\"https:\/\/dpinamar.com.ar\/agenda\/author\/ro_dpina_2022\/\" title=\"Entradas de Roberto Bohmer\" rel=\"author\" itemprop=\"author\" itemscope=\"itemscope\" itemtype=\"https:\/\/schema.org\/Person\">Roberto Bohmer<\/a>\t\t\t\t<\/div>\n\t\t\t\n\t\t\t\n\t\t\t\n\t\t\t\t\t<\/div>\n\t\t\t\t\t\t\t\n\t\t\t\t<\/div>\n\t\t\t<\/div>\n\t\t<\/div>\n\n\t\t\t\t<div class=\"premium-blog-post-outer-container\" data-total=\"27\">\n\t\t\t<div class=\"premium-blog-post-container premium-blog-skin-cards\">\n\t\t\t\t\t\t\t\t\t<div class=\"premium-blog-thumb-effect-wrapper\">\n\t\t\t\t\t\t<div class=\"premium-blog-thumbnail-container premium-blog-none-effect\">\n\t\t\t\t\t\t\t\t\t\t\t<a href=\"https:\/\/dpinamar.com.ar\/agenda\/semana-de-la-mujer-en-sudestada-pinamar\/\" target=\"_blank\">\n\t\t\t\t<img loading=\"lazy\" decoding=\"async\" width=\"300\" height=\"300\" src=\"https:\/\/dpinamar.com.ar\/agenda\/udoagekr\/2026\/03\/Semana-de-la-Mujer-300x300.webp\" class=\"attachment-medium size-medium wp-image-15351\" alt=\"Semana de la Mujer en Sudestada pinamar\" title=\"\" srcset=\"https:\/\/dpinamar.com.ar\/agenda\/udoagekr\/2026\/03\/Semana-de-la-Mujer-300x300.webp 300w, https:\/\/dpinamar.com.ar\/agenda\/udoagekr\/2026\/03\/Semana-de-la-Mujer-150x150.webp 150w, https:\/\/dpinamar.com.ar\/agenda\/udoagekr\/2026\/03\/Semana-de-la-Mujer-768x768.webp 768w, https:\/\/dpinamar.com.ar\/agenda\/udoagekr\/2026\/03\/Semana-de-la-Mujer-600x600.webp 600w, https:\/\/dpinamar.com.ar\/agenda\/udoagekr\/2026\/03\/Semana-de-la-Mujer.webp 800w\" sizes=\"(max-width: 300px) 100vw, 300px\" \/>\t\t\t\t<\/a>\n\t\t\t\t\t\t\t\t\t\t<\/div>\n\t\t\t\t\t\t\t\t\t\t\t\t\t<div class=\"premium-blog-effect-container premium-blog-none-effect\">\n\t\t\t\t\t\t\t\t<a class=\"premium-blog-post-link\" href=\"https:\/\/dpinamar.com.ar\/agenda\/semana-de-la-mujer-en-sudestada-pinamar\/\" target=\"_blank\"><span>Semana de la Mujer en Sudestada Pinamar<\/span><\/a>\n\t\t\t\t\t\t\t\t\t\t\t\t\t\t\t<\/div>\n\t\t\t\t\t\t\t\t\t\t\t<\/div>\n\t\t\t\t\t\t\t\t\t\t\t\t\t\t\t\t\t\t\t\t\t<div class=\"premium-blog-content-wrapper \">\n\n\t\t\t\t\t<div class=\"premium-blog-inner-container\">\n\n\t\t\t\t\t\t\t\t\t\t\t\t\t\t<h2 class=\"premium-blog-entry-title\">\n\t\t\t<a href=\"https:\/\/dpinamar.com.ar\/agenda\/semana-de-la-mujer-en-sudestada-pinamar\/\" target=\"_blank\">\n\t\t\t\tSemana de la Mujer en Sudestada Pinamar\t\t\t<\/a>\n\t\t<\/h2>\n\t\t\n\t\t\t\t\t<\/div>\n\n\t\t\t\t\t\t\t<div class=\"premium-blog-content-inner-wrapper\">\n\t\t<p class=\"premium-blog-post-content\">Actividades gratuitas frente al mar del 1 al 8 de marzo Del 1 al 8 de marzo se realiza la Semana de la Mujer, en<\/p><div class=\"premium-blog-excerpt-link-wrap\"><a href=\"https:\/\/dpinamar.com.ar\/agenda\/semana-de-la-mujer-en-sudestada-pinamar\/\" target=\"_blank\" class=\"premium-blog-excerpt-link elementor-button\">Leer m\u00e1s...<\/a><\/div>\t\t<\/div>\n\t\t\t\t<div class=\"premium-blog-entry-meta\">\n\t\t\t\t\t\t\t<div class=\"premium-blog-post-author premium-blog-meta-data\">\n\t\t\t\t\t<i class=\"fa fa-user fa-fw\" aria-hidden=\"true\"><\/i>\n\t\t\t\t\t<a href=\"https:\/\/dpinamar.com.ar\/agenda\/author\/ro_dpina_2022\/\" title=\"Entradas de Roberto Bohmer\" rel=\"author\" itemprop=\"author\" itemscope=\"itemscope\" itemtype=\"https:\/\/schema.org\/Person\">Roberto Bohmer<\/a>\t\t\t\t<\/div>\n\t\t\t\n\t\t\t\n\t\t\t\n\t\t\t\t\t<\/div>\n\t\t\t\t\t\t\t\n\t\t\t\t<\/div>\n\t\t\t<\/div>\n\t\t<\/div>\n\n\t\t\t\t<div class=\"premium-blog-post-outer-container\" data-total=\"27\">\n\t\t\t<div class=\"premium-blog-post-container premium-blog-skin-cards\">\n\t\t\t\t\t\t\t\t\t<div class=\"premium-blog-thumb-effect-wrapper\">\n\t\t\t\t\t\t<div class=\"premium-blog-thumbnail-container premium-blog-none-effect\">\n\t\t\t\t\t\t\t\t\t\t\t<a href=\"https:\/\/dpinamar.com.ar\/agenda\/miracine-en-la-playa-2026\/\" target=\"_blank\">\n\t\t\t\t<img loading=\"lazy\" decoding=\"async\" width=\"300\" height=\"300\" src=\"https:\/\/dpinamar.com.ar\/agenda\/udoagekr\/2026\/01\/MIRACINE-en-la-playa-2026-300x300.webp\" class=\"attachment-medium size-medium wp-image-14118\" alt=\"miracine en la playa 2026\" title=\"\" srcset=\"https:\/\/dpinamar.com.ar\/agenda\/udoagekr\/2026\/01\/MIRACINE-en-la-playa-2026-300x300.webp 300w, https:\/\/dpinamar.com.ar\/agenda\/udoagekr\/2026\/01\/MIRACINE-en-la-playa-2026-150x150.webp 150w, https:\/\/dpinamar.com.ar\/agenda\/udoagekr\/2026\/01\/MIRACINE-en-la-playa-2026-768x768.webp 768w, https:\/\/dpinamar.com.ar\/agenda\/udoagekr\/2026\/01\/MIRACINE-en-la-playa-2026-600x600.webp 600w, https:\/\/dpinamar.com.ar\/agenda\/udoagekr\/2026\/01\/MIRACINE-en-la-playa-2026.webp 800w\" sizes=\"(max-width: 300px) 100vw, 300px\" \/>\t\t\t\t<\/a>\n\t\t\t\t\t\t\t\t\t\t<\/div>\n\t\t\t\t\t\t\t\t\t\t\t\t\t<div class=\"premium-blog-effect-container premium-blog-none-effect\">\n\t\t\t\t\t\t\t\t<a class=\"premium-blog-post-link\" href=\"https:\/\/dpinamar.com.ar\/agenda\/miracine-en-la-playa-2026\/\" target=\"_blank\"><span>MIRACINE en la playa 2026<\/span><\/a>\n\t\t\t\t\t\t\t\t\t\t\t\t\t\t\t<\/div>\n\t\t\t\t\t\t\t\t\t\t\t<\/div>\n\t\t\t\t\t\t\t\t\t\t\t\t\t\t\t\t\t\t\t\t\t<div class=\"premium-blog-content-wrapper \">\n\n\t\t\t\t\t<div class=\"premium-blog-inner-container\">\n\n\t\t\t\t\t\t\t\t\t\t\t\t\t\t<h2 class=\"premium-blog-entry-title\">\n\t\t\t<a href=\"https:\/\/dpinamar.com.ar\/agenda\/miracine-en-la-playa-2026\/\" target=\"_blank\">\n\t\t\t\tMIRACINE en la playa 2026\t\t\t<\/a>\n\t\t<\/h2>\n\t\t\n\t\t\t\t\t<\/div>\n\n\t\t\t\t\t\t\t<div class=\"premium-blog-content-inner-wrapper\">\n\t\t<p class=\"premium-blog-post-content\">Ciclo gratuito de cine al aire libre en el verano 2026 ACTUALIZADO. Tambi\u00e9n en febrero habr\u00e1 Miracine en la Playa, un ciclo de cine cl\u00e1sico<\/p><div class=\"premium-blog-excerpt-link-wrap\"><a href=\"https:\/\/dpinamar.com.ar\/agenda\/miracine-en-la-playa-2026\/\" target=\"_blank\" class=\"premium-blog-excerpt-link elementor-button\">Leer m\u00e1s...<\/a><\/div>\t\t<\/div>\n\t\t\t\t<div class=\"premium-blog-entry-meta\">\n\t\t\t\t\t\t\t<div class=\"premium-blog-post-author premium-blog-meta-data\">\n\t\t\t\t\t<i class=\"fa fa-user fa-fw\" aria-hidden=\"true\"><\/i>\n\t\t\t\t\t<a href=\"https:\/\/dpinamar.com.ar\/agenda\/author\/ro_dpina_2022\/\" title=\"Entradas de Roberto Bohmer\" rel=\"author\" itemprop=\"author\" itemscope=\"itemscope\" itemtype=\"https:\/\/schema.org\/Person\">Roberto Bohmer<\/a>\t\t\t\t<\/div>\n\t\t\t\n\t\t\t\n\t\t\t\n\t\t\t\t\t<\/div>\n\t\t\t\t\t\t\t\n\t\t\t\t<\/div>\n\t\t\t<\/div>\n\t\t<\/div>\n\n\t\t\t\t<div class=\"premium-blog-post-outer-container\" data-total=\"27\">\n\t\t\t<div class=\"premium-blog-post-container premium-blog-skin-cards\">\n\t\t\t\t\t\t\t\t\t<div class=\"premium-blog-thumb-effect-wrapper\">\n\t\t\t\t\t\t<div class=\"premium-blog-thumbnail-container premium-blog-none-effect\">\n\t\t\t\t\t\t\t\t\t\t\t<a href=\"https:\/\/dpinamar.com.ar\/agenda\/vingt-dieux-se-proyecta-en-pinamar\/\" target=\"_blank\">\n\t\t\t\t<img loading=\"lazy\" decoding=\"async\" width=\"300\" height=\"300\" src=\"https:\/\/dpinamar.com.ar\/agenda\/udoagekr\/2026\/02\/Vingt-dieux-300x300.webp\" class=\"attachment-medium size-medium wp-image-15220\" alt=\"Vingt dieux\" title=\"\" srcset=\"https:\/\/dpinamar.com.ar\/agenda\/udoagekr\/2026\/02\/Vingt-dieux-300x300.webp 300w, https:\/\/dpinamar.com.ar\/agenda\/udoagekr\/2026\/02\/Vingt-dieux-150x150.webp 150w, https:\/\/dpinamar.com.ar\/agenda\/udoagekr\/2026\/02\/Vingt-dieux-768x768.webp 768w, https:\/\/dpinamar.com.ar\/agenda\/udoagekr\/2026\/02\/Vingt-dieux-600x600.webp 600w, https:\/\/dpinamar.com.ar\/agenda\/udoagekr\/2026\/02\/Vingt-dieux.webp 800w\" sizes=\"(max-width: 300px) 100vw, 300px\" \/>\t\t\t\t<\/a>\n\t\t\t\t\t\t\t\t\t\t<\/div>\n\t\t\t\t\t\t\t\t\t\t\t\t\t<div class=\"premium-blog-effect-container premium-blog-none-effect\">\n\t\t\t\t\t\t\t\t<a class=\"premium-blog-post-link\" href=\"https:\/\/dpinamar.com.ar\/agenda\/vingt-dieux-se-proyecta-en-pinamar\/\" target=\"_blank\"><span>Vingt dieux se proyecta en Pinamar<\/span><\/a>\n\t\t\t\t\t\t\t\t\t\t\t\t\t\t\t<\/div>\n\t\t\t\t\t\t\t\t\t\t\t<\/div>\n\t\t\t\t\t\t\t\t\t\t\t\t\t\t\t\t\t\t\t\t\t<div class=\"premium-blog-content-wrapper \">\n\n\t\t\t\t\t<div class=\"premium-blog-inner-container\">\n\n\t\t\t\t\t\t\t\t\t\t\t\t\t\t<h2 class=\"premium-blog-entry-title\">\n\t\t\t<a href=\"https:\/\/dpinamar.com.ar\/agenda\/vingt-dieux-se-proyecta-en-pinamar\/\" target=\"_blank\">\n\t\t\t\tVingt dieux se proyecta en Pinamar\t\t\t<\/a>\n\t\t<\/h2>\n\t\t\n\t\t\t\t\t<\/div>\n\n\t\t\t\t\t\t\t<div class=\"premium-blog-content-inner-wrapper\">\n\t\t<p class=\"premium-blog-post-content\">Cine franc\u00e9s subtitulado y debate en el ciclo Nuit des Id\u00e9es 2026 El 17 de febrero se proyectar\u00e1 en Pinamar la pel\u00edcula Vingt dieux (Veinte<\/p><div class=\"premium-blog-excerpt-link-wrap\"><a href=\"https:\/\/dpinamar.com.ar\/agenda\/vingt-dieux-se-proyecta-en-pinamar\/\" target=\"_blank\" class=\"premium-blog-excerpt-link elementor-button\">Leer m\u00e1s...<\/a><\/div>\t\t<\/div>\n\t\t\t\t<div class=\"premium-blog-entry-meta\">\n\t\t\t\t\t\t\t<div class=\"premium-blog-post-author premium-blog-meta-data\">\n\t\t\t\t\t<i class=\"fa fa-user fa-fw\" aria-hidden=\"true\"><\/i>\n\t\t\t\t\t<a href=\"https:\/\/dpinamar.com.ar\/agenda\/author\/ro_dpina_2022\/\" title=\"Entradas de Roberto Bohmer\" rel=\"author\" itemprop=\"author\" itemscope=\"itemscope\" itemtype=\"https:\/\/schema.org\/Person\">Roberto Bohmer<\/a>\t\t\t\t<\/div>\n\t\t\t\n\t\t\t\n\t\t\t\n\t\t\t\t\t<\/div>\n\t\t\t\t\t\t\t\n\t\t\t\t<\/div>\n\t\t\t<\/div>\n\t\t<\/div>\n\n\t\t\t\t\t\t\t<\/div>\n\n\t\t\n\t\t\n\t\t\t\t\t\t<\/div>\n\t\t\t\t<\/div>\n\t\t\t\t\t<\/div>\n\t\t<\/div>\n\t\t\t\t\t<\/div>\n\t\t<\/section>\n\t\t\t\t<\/div>\n\t\t","protected":false},"excerpt":{"rendered":"<p>Cine en Pinamar \ud83d\udfe1 Una gu\u00eda actualizada de la cartelera del Cine Oasis y todas las propuestas para ver cine en Pinamar. Incluye funciones de Miracine en el Teatro de la Torre, festivales, infantiles y alternativas gratuitas en Pinamar, Ostende, Valeria del Mar y Caril\u00f3. Cartelera de Cine Oasis Pinamar Cartelera de Cine Oasis Pinamar [&hellip;]<\/p>\n","protected":false},"author":1,"featured_media":0,"parent":0,"menu_order":0,"comment_status":"closed","ping_status":"closed","template":"","meta":{"_lmt_disableupdate":"no","_lmt_disable":"","ocean_post_layout":"","ocean_both_sidebars_style":"","ocean_both_sidebars_content_width":0,"ocean_both_sidebars_sidebars_width":0,"ocean_sidebar":"0","ocean_second_sidebar":"0","ocean_disable_margins":"enable","ocean_add_body_class":"","ocean_shortcode_before_top_bar":"","ocean_shortcode_after_top_bar":"","ocean_shortcode_before_header":"","ocean_shortcode_after_header":"","ocean_has_shortcode":"","ocean_shortcode_after_title":"","ocean_shortcode_before_footer_widgets":"","ocean_shortcode_after_footer_widgets":"","ocean_shortcode_before_footer_bottom":"","ocean_shortcode_after_footer_bottom":"","ocean_display_top_bar":"default","ocean_display_header":"default","ocean_header_style":"","ocean_center_header_left_menu":"0","ocean_custom_header_template":"0","ocean_custom_logo":0,"ocean_custom_retina_logo":0,"ocean_custom_logo_max_width":0,"ocean_custom_logo_tablet_max_width":0,"ocean_custom_logo_mobile_max_width":0,"ocean_custom_logo_max_height":0,"ocean_custom_logo_tablet_max_height":0,"ocean_custom_logo_mobile_max_height":0,"ocean_header_custom_menu":"0","ocean_menu_typo_font_family":"0","ocean_menu_typo_font_subset":"","ocean_menu_typo_font_size":0,"ocean_menu_typo_font_size_tablet":0,"ocean_menu_typo_font_size_mobile":0,"ocean_menu_typo_font_size_unit":"px","ocean_menu_typo_font_weight":"","ocean_menu_typo_font_weight_tablet":"","ocean_menu_typo_font_weight_mobile":"","ocean_menu_typo_transform":"","ocean_menu_typo_transform_tablet":"","ocean_menu_typo_transform_mobile":"","ocean_menu_typo_line_height":0,"ocean_menu_typo_line_height_tablet":0,"ocean_menu_typo_line_height_mobile":0,"ocean_menu_typo_line_height_unit":"","ocean_menu_typo_spacing":0,"ocean_menu_typo_spacing_tablet":0,"ocean_menu_typo_spacing_mobile":0,"ocean_menu_typo_spacing_unit":"","ocean_menu_link_color":"","ocean_menu_link_color_hover":"","ocean_menu_link_color_active":"","ocean_menu_link_background":"","ocean_menu_link_hover_background":"","ocean_menu_link_active_background":"","ocean_menu_social_links_bg":"","ocean_menu_social_hover_links_bg":"","ocean_menu_social_links_color":"","ocean_menu_social_hover_links_color":"","ocean_disable_title":"default","ocean_disable_heading":"default","ocean_post_title":"","ocean_post_subheading":"","ocean_post_title_style":"centered","ocean_post_title_background_color":"","ocean_post_title_background":0,"ocean_post_title_bg_image_position":"","ocean_post_title_bg_image_attachment":"","ocean_post_title_bg_image_repeat":"","ocean_post_title_bg_image_size":"","ocean_post_title_height":0,"ocean_post_title_bg_overlay":0.5,"ocean_post_title_bg_overlay_color":"","ocean_disable_breadcrumbs":"default","ocean_breadcrumbs_color":"","ocean_breadcrumbs_separator_color":"","ocean_breadcrumbs_links_color":"","ocean_breadcrumbs_links_hover_color":"","ocean_display_footer_widgets":"default","ocean_display_footer_bottom":"default","ocean_custom_footer_template":"0","iawp_total_views":589,"footnotes":""},"class_list":["post-3172","page","type-page","status-publish","hentry","entry","has-media"],"_links":{"self":[{"href":"https:\/\/dpinamar.com.ar\/agenda\/wp-json\/wp\/v2\/pages\/3172","targetHints":{"allow":["GET"]}}],"collection":[{"href":"https:\/\/dpinamar.com.ar\/agenda\/wp-json\/wp\/v2\/pages"}],"about":[{"href":"https:\/\/dpinamar.com.ar\/agenda\/wp-json\/wp\/v2\/types\/page"}],"author":[{"embeddable":true,"href":"https:\/\/dpinamar.com.ar\/agenda\/wp-json\/wp\/v2\/users\/1"}],"replies":[{"embeddable":true,"href":"https:\/\/dpinamar.com.ar\/agenda\/wp-json\/wp\/v2\/comments?post=3172"}],"version-history":[{"count":5,"href":"https:\/\/dpinamar.com.ar\/agenda\/wp-json\/wp\/v2\/pages\/3172\/revisions"}],"predecessor-version":[{"id":13581,"href":"https:\/\/dpinamar.com.ar\/agenda\/wp-json\/wp\/v2\/pages\/3172\/revisions\/13581"}],"wp:attachment":[{"href":"https:\/\/dpinamar.com.ar\/agenda\/wp-json\/wp\/v2\/media?parent=3172"}],"curies":[{"name":"wp","href":"https:\/\/api.w.org\/{rel}","templated":true}]}}